{"id":117,"date":"2024-04-22T10:40:07","date_gmt":"2024-04-22T10:40:07","guid":{"rendered":"https:\/\/valenciacateringyespacios.es\/index.php\/home-2\/"},"modified":"2024-09-05T13:51:24","modified_gmt":"2024-09-05T13:51:24","slug":"inicio","status":"publish","type":"page","link":"https:\/\/valenciacateringyespacios.es\/","title":{"rendered":"Inicio"},"content":{"rendered":"\t\t<div data-elementor-type=\"wp-page\" data-elementor-id=\"117\" class=\"elementor elementor-117\">\n\t\t\t\t<div class=\"elementor-element elementor-element-feb51d2 e-flex e-con-boxed e-con e-parent\" data-id=\"feb51d2\" data-element_type=\"container\" data-settings=\"{&quot;background_background&quot;:&quot;classic&quot;}\">\n\t\t\t\t\t<div class=\"e-con-inner\">\n\t\t<div class=\"elementor-element elementor-element-7a25069 e-flex e-con-boxed e-con e-child\" data-id=\"7a25069\" data-element_type=\"container\" data-settings=\"{&quot;background_background&quot;:&quot;classic&quot;}\">\n\t\t\t\t\t<div class=\"e-con-inner\">\n\t\t\t\t<div class=\"elementor-element elementor-element-0edb82e elementor-invisible elementor-widget elementor-widget-heading\" data-id=\"0edb82e\" data-element_type=\"widget\" data-settings=\"{&quot;_animation&quot;:&quot;fadeIn&quot;}\" data-widget_type=\"heading.default\">\n\t\t\t\t<div class=\"elementor-widget-container\">\n\t\t\t<style>\/*! elementor - v3.21.0 - 18-04-2024 *\/\n.elementor-heading-title{padding:0;margin:0;line-height:1}.elementor-widget-heading .elementor-heading-title[class*=elementor-size-]>a{color:inherit;font-size:inherit;line-height:inherit}.elementor-widget-heading .elementor-heading-title.elementor-size-small{font-size:15px}.elementor-widget-heading .elementor-heading-title.elementor-size-medium{font-size:19px}.elementor-widget-heading .elementor-heading-title.elementor-size-large{font-size:29px}.elementor-widget-heading .elementor-heading-title.elementor-size-xl{font-size:39px}.elementor-widget-heading .elementor-heading-title.elementor-size-xxl{font-size:59px}<\/style><h1 class=\"elementor-heading-title elementor-size-default\">Valencia Catering y espacios<\/h1>\t\t<\/div>\n\t\t\t\t<\/div>\n\t\t\t\t<div class=\"elementor-element elementor-element-2ebd24b elementor-invisible elementor-widget elementor-widget-heading\" data-id=\"2ebd24b\" data-element_type=\"widget\" data-settings=\"{&quot;_animation&quot;:&quot;fadeIn&quot;}\" data-widget_type=\"heading.default\">\n\t\t\t\t<div class=\"elementor-widget-container\">\n\t\t\t<h5 class=\"elementor-heading-title elementor-size-default\">Gestionamos  eventos<\/h5>\t\t<\/div>\n\t\t\t\t<\/div>\n\t\t\t\t\t<\/div>\n\t\t\t\t<\/div>\n\t\t<div class=\"elementor-element elementor-element-74f9566 e-flex e-con-boxed e-con e-child\" data-id=\"74f9566\" data-element_type=\"container\" data-settings=\"{&quot;background_background&quot;:&quot;classic&quot;}\">\n\t\t\t\t\t<div class=\"e-con-inner\">\n\t\t\t\t<div class=\"elementor-element elementor-element-1b0e3a9 elementor-widget elementor-widget-heading\" data-id=\"1b0e3a9\" data-element_type=\"widget\" data-widget_type=\"heading.default\">\n\t\t\t\t<div class=\"elementor-widget-container\">\n\t\t\t<h2 class=\"elementor-heading-title elementor-size-default\">Somos tu partner para la gesti\u00f3n de eventos profesionales y de empresa<\/h2>\t\t<\/div>\n\t\t\t\t<\/div>\n\t\t\t\t<div class=\"elementor-element elementor-element-e97b00f elementor-widget elementor-widget-heading\" data-id=\"e97b00f\" data-element_type=\"widget\" data-widget_type=\"heading.default\">\n\t\t\t\t<div class=\"elementor-widget-container\">\n\t\t\t<h2 class=\"elementor-heading-title elementor-size-default\">Nuestro equipo multiling\u00fce se encarga de ofrecer soluciones adhoc para las necesidades de los clientes. Nuestra gesti\u00f3n de eventos abarca a m\u00e1s de 800 clientes organizadores de eventos satisfechos al a\u00f1o que nos avalan.<\/h2>\t\t<\/div>\n\t\t\t\t<\/div>\n\t\t\t\t<div class=\"elementor-element elementor-element-82379c0 elementor-widget elementor-widget-spacer\" data-id=\"82379c0\" data-element_type=\"widget\" data-widget_type=\"spacer.default\">\n\t\t\t\t<div class=\"elementor-widget-container\">\n\t\t\t<style>\/*! elementor - v3.21.0 - 18-04-2024 *\/\n.elementor-column .elementor-spacer-inner{height:var(--spacer-size)}.e-con{--container-widget-width:100%}.e-con-inner>.elementor-widget-spacer,.e-con>.elementor-widget-spacer{width:var(--container-widget-width,var(--spacer-size));--align-self:var(--container-widget-align-self,initial);--flex-shrink:0}.e-con-inner>.elementor-widget-spacer>.elementor-widget-container,.e-con>.elementor-widget-spacer>.elementor-widget-container{height:100%;width:100%}.e-con-inner>.elementor-widget-spacer>.elementor-widget-container>.elementor-spacer,.e-con>.elementor-widget-spacer>.elementor-widget-container>.elementor-spacer{height:100%}.e-con-inner>.elementor-widget-spacer>.elementor-widget-container>.elementor-spacer>.elementor-spacer-inner,.e-con>.elementor-widget-spacer>.elementor-widget-container>.elementor-spacer>.elementor-spacer-inner{height:var(--container-widget-height,var(--spacer-size))}.e-con-inner>.elementor-widget-spacer.elementor-widget-empty,.e-con>.elementor-widget-spacer.elementor-widget-empty{position:relative;min-height:22px;min-width:22px}.e-con-inner>.elementor-widget-spacer.elementor-widget-empty .elementor-widget-empty-icon,.e-con>.elementor-widget-spacer.elementor-widget-empty .elementor-widget-empty-icon{position:absolute;top:0;bottom:0;left:0;right:0;margin:auto;padding:0;width:22px;height:22px}<\/style>\t\t<div class=\"elementor-spacer\">\n\t\t\t<div class=\"elementor-spacer-inner\"><\/div>\n\t\t<\/div>\n\t\t\t\t<\/div>\n\t\t\t\t<\/div>\n\t\t\t\t<div class=\"elementor-element elementor-element-bb8f75a elementor-widget elementor-widget-heading\" data-id=\"bb8f75a\" data-element_type=\"widget\" data-widget_type=\"heading.default\">\n\t\t\t\t<div class=\"elementor-widget-container\">\n\t\t\t<h1 class=\"elementor-heading-title elementor-size-default\">ESPACIOS EXCLUSIVOS<\/h1>\t\t<\/div>\n\t\t\t\t<\/div>\n\t\t<div class=\"elementor-element elementor-element-c4707e3 e-con-full e-flex e-con e-child\" data-id=\"c4707e3\" data-element_type=\"container\">\n\t\t\t\t<div class=\"elementor-element elementor-element-f191fea elementor-widget-tablet__width-initial elementor-widget-mobile__width-inherit elementor-widget__width-initial elementor-position-top elementor-widget elementor-widget-image-box\" data-id=\"f191fea\" data-element_type=\"widget\" data-widget_type=\"image-box.default\">\n\t\t\t\t<div class=\"elementor-widget-container\">\n\t\t\t<style>\/*! elementor - v3.21.0 - 18-04-2024 *\/\n.elementor-widget-image-box .elementor-image-box-content{width:100%}@media (min-width:768px){.elementor-widget-image-box.elementor-position-left .elementor-image-box-wrapper,.elementor-widget-image-box.elementor-position-right .elementor-image-box-wrapper{display:flex}.elementor-widget-image-box.elementor-position-right .elementor-image-box-wrapper{text-align:end;flex-direction:row-reverse}.elementor-widget-image-box.elementor-position-left .elementor-image-box-wrapper{text-align:start;flex-direction:row}.elementor-widget-image-box.elementor-position-top .elementor-image-box-img{margin:auto}.elementor-widget-image-box.elementor-vertical-align-top .elementor-image-box-wrapper{align-items:flex-start}.elementor-widget-image-box.elementor-vertical-align-middle .elementor-image-box-wrapper{align-items:center}.elementor-widget-image-box.elementor-vertical-align-bottom .elementor-image-box-wrapper{align-items:flex-end}}@media (max-width:767px){.elementor-widget-image-box .elementor-image-box-img{margin-left:auto!important;margin-right:auto!important;margin-bottom:15px}}.elementor-widget-image-box .elementor-image-box-img{display:inline-block}.elementor-widget-image-box .elementor-image-box-title a{color:inherit}.elementor-widget-image-box .elementor-image-box-wrapper{text-align:center}.elementor-widget-image-box .elementor-image-box-description{margin:0}<\/style><div class=\"elementor-image-box-wrapper\"><figure class=\"elementor-image-box-img\"><img fetchpriority=\"high\" decoding=\"async\" width=\"1920\" height=\"1277\" src=\"https:\/\/valenciacateringyespacios.es\/wp-content\/uploads\/2024\/04\/gourmet-catering-eventos-contrapunto-vallesa-mandor-01.webp\" class=\"elementor-animation-grow attachment-full size-full wp-image-140\" alt=\"\" srcset=\"https:\/\/valenciacateringyespacios.es\/wp-content\/uploads\/2024\/04\/gourmet-catering-eventos-contrapunto-vallesa-mandor-01.webp 1920w, https:\/\/valenciacateringyespacios.es\/wp-content\/uploads\/2024\/04\/gourmet-catering-eventos-contrapunto-vallesa-mandor-01-300x200.webp 300w, https:\/\/valenciacateringyespacios.es\/wp-content\/uploads\/2024\/04\/gourmet-catering-eventos-contrapunto-vallesa-mandor-01-1024x681.webp 1024w, https:\/\/valenciacateringyespacios.es\/wp-content\/uploads\/2024\/04\/gourmet-catering-eventos-contrapunto-vallesa-mandor-01-768x511.webp 768w, https:\/\/valenciacateringyespacios.es\/wp-content\/uploads\/2024\/04\/gourmet-catering-eventos-contrapunto-vallesa-mandor-01-1536x1022.webp 1536w\" sizes=\"(max-width: 1920px) 100vw, 1920px\" \/><\/figure><div class=\"elementor-image-box-content\"><h4 class=\"elementor-image-box-title\">Vallesa de Mandor<\/h4><p class=\"elementor-image-box-description\">Vallesa de Mandor es una impresionante finca privada del siglo XVIII.<\/p><\/div><\/div>\t\t<\/div>\n\t\t\t\t<\/div>\n\t\t\t\t<div class=\"elementor-element elementor-element-898b877 elementor-widget-tablet__width-initial elementor-widget-mobile__width-inherit elementor-widget__width-initial elementor-position-top elementor-widget elementor-widget-image-box\" data-id=\"898b877\" data-element_type=\"widget\" data-widget_type=\"image-box.default\">\n\t\t\t\t<div class=\"elementor-widget-container\">\n\t\t\t<div class=\"elementor-image-box-wrapper\"><figure class=\"elementor-image-box-img\"><img decoding=\"async\" width=\"842\" height=\"595\" src=\"https:\/\/valenciacateringyespacios.es\/wp-content\/uploads\/2024\/04\/01-gourmet-catering-eventos-huerto-san-vicente.png\" class=\"elementor-animation-grow attachment-full size-full wp-image-141\" alt=\"\" srcset=\"https:\/\/valenciacateringyespacios.es\/wp-content\/uploads\/2024\/04\/01-gourmet-catering-eventos-huerto-san-vicente.png 842w, https:\/\/valenciacateringyespacios.es\/wp-content\/uploads\/2024\/04\/01-gourmet-catering-eventos-huerto-san-vicente-300x212.png 300w, https:\/\/valenciacateringyespacios.es\/wp-content\/uploads\/2024\/04\/01-gourmet-catering-eventos-huerto-san-vicente-768x543.png 768w\" sizes=\"(max-width: 842px) 100vw, 842px\" \/><\/figure><div class=\"elementor-image-box-content\"><h4 class=\"elementor-image-box-title\">Huerto San Vicente<\/h4><p class=\"elementor-image-box-description\">El Huerto San Vicente dispone de una amplia variedad de espacios exteriores as\u00ed como un bonito patio interior.<\/p><\/div><\/div>\t\t<\/div>\n\t\t\t\t<\/div>\n\t\t\t\t<div class=\"elementor-element elementor-element-6576143 elementor-widget-tablet__width-initial elementor-widget-mobile__width-inherit elementor-widget__width-initial elementor-position-top elementor-widget elementor-widget-image-box\" data-id=\"6576143\" data-element_type=\"widget\" data-widget_type=\"image-box.default\">\n\t\t\t\t<div class=\"elementor-widget-container\">\n\t\t\t<div class=\"elementor-image-box-wrapper\"><figure class=\"elementor-image-box-img\"><img decoding=\"async\" width=\"1920\" height=\"1280\" src=\"https:\/\/valenciacateringyespacios.es\/wp-content\/uploads\/2024\/04\/gourmet-catering-eventos-huerto-sant-josep-01.webp\" class=\"elementor-animation-grow attachment-full size-full wp-image-144\" alt=\"\" srcset=\"https:\/\/valenciacateringyespacios.es\/wp-content\/uploads\/2024\/04\/gourmet-catering-eventos-huerto-sant-josep-01.webp 1920w, https:\/\/valenciacateringyespacios.es\/wp-content\/uploads\/2024\/04\/gourmet-catering-eventos-huerto-sant-josep-01-300x200.webp 300w, https:\/\/valenciacateringyespacios.es\/wp-content\/uploads\/2024\/04\/gourmet-catering-eventos-huerto-sant-josep-01-1024x683.webp 1024w, https:\/\/valenciacateringyespacios.es\/wp-content\/uploads\/2024\/04\/gourmet-catering-eventos-huerto-sant-josep-01-768x512.webp 768w, https:\/\/valenciacateringyespacios.es\/wp-content\/uploads\/2024\/04\/gourmet-catering-eventos-huerto-sant-josep-01-1536x1024.webp 1536w\" sizes=\"(max-width: 1920px) 100vw, 1920px\" \/><\/figure><div class=\"elementor-image-box-content\"><h4 class=\"elementor-image-box-title\">Hort de Sant Josep<\/h4><p class=\"elementor-image-box-description\">Huerto de San Jos\u00e9 es una antigua alquer\u00eda de Alberique de estilo mediterr\u00e1neo con m\u00e1s de 5000 m2 de jardines.<\/p><\/div><\/div>\t\t<\/div>\n\t\t\t\t<\/div>\n\t\t\t\t<div class=\"elementor-element elementor-element-f856622 elementor-widget-tablet__width-initial elementor-widget-mobile__width-inherit elementor-widget__width-initial elementor-position-top elementor-widget elementor-widget-image-box\" data-id=\"f856622\" data-element_type=\"widget\" data-widget_type=\"image-box.default\">\n\t\t\t\t<div class=\"elementor-widget-container\">\n\t\t\t<div class=\"elementor-image-box-wrapper\"><figure class=\"elementor-image-box-img\"><img loading=\"lazy\" decoding=\"async\" width=\"1800\" height=\"1200\" src=\"https:\/\/valenciacateringyespacios.es\/wp-content\/uploads\/2024\/04\/gourmet-catering-la-octava-01.jpg\" class=\"elementor-animation-grow attachment-full size-full wp-image-145\" alt=\"\" srcset=\"https:\/\/valenciacateringyespacios.es\/wp-content\/uploads\/2024\/04\/gourmet-catering-la-octava-01.jpg 1800w, https:\/\/valenciacateringyespacios.es\/wp-content\/uploads\/2024\/04\/gourmet-catering-la-octava-01-300x200.jpg 300w, https:\/\/valenciacateringyespacios.es\/wp-content\/uploads\/2024\/04\/gourmet-catering-la-octava-01-1024x683.jpg 1024w, https:\/\/valenciacateringyespacios.es\/wp-content\/uploads\/2024\/04\/gourmet-catering-la-octava-01-768x512.jpg 768w, https:\/\/valenciacateringyespacios.es\/wp-content\/uploads\/2024\/04\/gourmet-catering-la-octava-01-1536x1024.jpg 1536w\" sizes=\"(max-width: 1800px) 100vw, 1800px\" \/><\/figure><div class=\"elementor-image-box-content\"><h4 class=\"elementor-image-box-title\">Palau de les Arts \u2013 Espacio La Octava<\/h4><p class=\"elementor-image-box-description\">La cafeter\u00eda La Octava, con vistas a la ciudad de Valencia, ubicado en el Palau de les Arts.<\/p><\/div><\/div>\t\t<\/div>\n\t\t\t\t<\/div>\n\t\t\t\t<\/div>\n\t\t\t\t<div class=\"elementor-element elementor-element-62c1918 elementor-align-center elementor-widget__width-inherit elementor-invisible elementor-widget elementor-widget-button\" data-id=\"62c1918\" data-element_type=\"widget\" data-settings=\"{&quot;_animation&quot;:&quot;fadeInDown&quot;}\" data-widget_type=\"button.default\">\n\t\t\t\t<div class=\"elementor-widget-container\">\n\t\t\t\t\t<div class=\"elementor-button-wrapper\">\n\t\t\t<a class=\"elementor-button elementor-button-link elementor-size-sm\" href=\"https:\/\/valenciacateringyespacios.es\/index.php\/espacios\/\">\n\t\t\t\t\t\t<span class=\"elementor-button-content-wrapper\">\n\t\t\t\t\t\t\t\t\t<span class=\"elementor-button-text\">Mas espacios<\/span>\n\t\t\t\t\t<\/span>\n\t\t\t\t\t<\/a>\n\t\t<\/div>\n\t\t\t\t<\/div>\n\t\t\t\t<\/div>\n\t\t\t\t\t<\/div>\n\t\t\t\t<\/div>\n\t\t<div class=\"elementor-element elementor-element-463d071 e-flex e-con-boxed e-con e-child\" data-id=\"463d071\" data-element_type=\"container\">\n\t\t\t\t\t<div class=\"e-con-inner\">\n\t\t\t\t<div class=\"elementor-element elementor-element-1f07350 elementor-widget elementor-widget-heading\" data-id=\"1f07350\" data-element_type=\"widget\" data-widget_type=\"heading.default\">\n\t\t\t\t<div class=\"elementor-widget-container\">\n\t\t\t<h2 class=\"elementor-heading-title elementor-size-default\">Ventajas que nos diferencian<\/h2>\t\t<\/div>\n\t\t\t\t<\/div>\n\t\t<div class=\"elementor-element elementor-element-6b81a26 e-con-full e-flex e-con e-child\" data-id=\"6b81a26\" data-element_type=\"container\">\n\t\t<div class=\"elementor-element elementor-element-60ceca2 e-con-full e-flex e-con e-child\" data-id=\"60ceca2\" data-element_type=\"container\" data-settings=\"{&quot;background_background&quot;:&quot;classic&quot;}\">\n\t\t\t\t<div class=\"elementor-element elementor-element-e72a93d elementor-widget elementor-widget-heading\" data-id=\"e72a93d\" data-element_type=\"widget\" data-widget_type=\"heading.default\">\n\t\t\t\t<div class=\"elementor-widget-container\">\n\t\t\t<h4 class=\"elementor-heading-title elementor-size-default\">Catering con m\u00e1s de 60 a\u00f1os de trayectoria<\/h4>\t\t<\/div>\n\t\t\t\t<\/div>\n\t\t\t\t<div class=\"elementor-element elementor-element-4bae1f9 elementor-widget-divider--view-line elementor-widget elementor-widget-divider\" data-id=\"4bae1f9\" data-element_type=\"widget\" data-widget_type=\"divider.default\">\n\t\t\t\t<div class=\"elementor-widget-container\">\n\t\t\t<style>\/*! elementor - v3.21.0 - 18-04-2024 *\/\n.elementor-widget-divider{--divider-border-style:none;--divider-border-width:1px;--divider-color:#0c0d0e;--divider-icon-size:20px;--divider-element-spacing:10px;--divider-pattern-height:24px;--divider-pattern-size:20px;--divider-pattern-url:none;--divider-pattern-repeat:repeat-x}.elementor-widget-divider .elementor-divider{display:flex}.elementor-widget-divider .elementor-divider__text{font-size:15px;line-height:1;max-width:95%}.elementor-widget-divider .elementor-divider__element{margin:0 var(--divider-element-spacing);flex-shrink:0}.elementor-widget-divider .elementor-icon{font-size:var(--divider-icon-size)}.elementor-widget-divider .elementor-divider-separator{display:flex;margin:0;direction:ltr}.elementor-widget-divider--view-line_icon .elementor-divider-separator,.elementor-widget-divider--view-line_text .elementor-divider-separator{align-items:center}.elementor-widget-divider--view-line_icon .elementor-divider-separator:after,.elementor-widget-divider--view-line_icon .elementor-divider-separator:before,.elementor-widget-divider--view-line_text .elementor-divider-separator:after,.elementor-widget-divider--view-line_text .elementor-divider-separator:before{display:block;content:\"\";border-block-end:0;flex-grow:1;border-block-start:var(--divider-border-width) var(--divider-border-style) var(--divider-color)}.elementor-widget-divider--element-align-left .elementor-divider .elementor-divider-separator>.elementor-divider__svg:first-of-type{flex-grow:0;flex-shrink:100}.elementor-widget-divider--element-align-left .elementor-divider-separator:before{content:none}.elementor-widget-divider--element-align-left .elementor-divider__element{margin-left:0}.elementor-widget-divider--element-align-right .elementor-divider .elementor-divider-separator>.elementor-divider__svg:last-of-type{flex-grow:0;flex-shrink:100}.elementor-widget-divider--element-align-right .elementor-divider-separator:after{content:none}.elementor-widget-divider--element-align-right .elementor-divider__element{margin-right:0}.elementor-widget-divider--element-align-start .elementor-divider .elementor-divider-separator>.elementor-divider__svg:first-of-type{flex-grow:0;flex-shrink:100}.elementor-widget-divider--element-align-start .elementor-divider-separator:before{content:none}.elementor-widget-divider--element-align-start .elementor-divider__element{margin-inline-start:0}.elementor-widget-divider--element-align-end .elementor-divider .elementor-divider-separator>.elementor-divider__svg:last-of-type{flex-grow:0;flex-shrink:100}.elementor-widget-divider--element-align-end .elementor-divider-separator:after{content:none}.elementor-widget-divider--element-align-end .elementor-divider__element{margin-inline-end:0}.elementor-widget-divider:not(.elementor-widget-divider--view-line_text):not(.elementor-widget-divider--view-line_icon) .elementor-divider-separator{border-block-start:var(--divider-border-width) var(--divider-border-style) var(--divider-color)}.elementor-widget-divider--separator-type-pattern{--divider-border-style:none}.elementor-widget-divider--separator-type-pattern.elementor-widget-divider--view-line .elementor-divider-separator,.elementor-widget-divider--separator-type-pattern:not(.elementor-widget-divider--view-line) .elementor-divider-separator:after,.elementor-widget-divider--separator-type-pattern:not(.elementor-widget-divider--view-line) .elementor-divider-separator:before,.elementor-widget-divider--separator-type-pattern:not([class*=elementor-widget-divider--view]) .elementor-divider-separator{width:100%;min-height:var(--divider-pattern-height);-webkit-mask-size:var(--divider-pattern-size) 100%;mask-size:var(--divider-pattern-size) 100%;-webkit-mask-repeat:var(--divider-pattern-repeat);mask-repeat:var(--divider-pattern-repeat);background-color:var(--divider-color);-webkit-mask-image:var(--divider-pattern-url);mask-image:var(--divider-pattern-url)}.elementor-widget-divider--no-spacing{--divider-pattern-size:auto}.elementor-widget-divider--bg-round{--divider-pattern-repeat:round}.rtl .elementor-widget-divider .elementor-divider__text{direction:rtl}.e-con-inner>.elementor-widget-divider,.e-con>.elementor-widget-divider{width:var(--container-widget-width,100%);--flex-grow:var(--container-widget-flex-grow)}<\/style>\t\t<div class=\"elementor-divider\">\n\t\t\t<span class=\"elementor-divider-separator\">\n\t\t\t\t\t\t<\/span>\n\t\t<\/div>\n\t\t\t\t<\/div>\n\t\t\t\t<\/div>\n\t\t\t\t<\/div>\n\t\t<div class=\"elementor-element elementor-element-829ee65 e-con-full e-flex e-con e-child\" data-id=\"829ee65\" data-element_type=\"container\" data-settings=\"{&quot;background_background&quot;:&quot;classic&quot;}\">\n\t\t\t\t<div class=\"elementor-element elementor-element-6c0b274 elementor-widget__width-initial elementor-widget elementor-widget-heading\" data-id=\"6c0b274\" data-element_type=\"widget\" data-widget_type=\"heading.default\">\n\t\t\t\t<div class=\"elementor-widget-container\">\n\t\t\t<h4 class=\"elementor-heading-title elementor-size-default\">crear vuestro men\u00fa personalizado<\/h4>\t\t<\/div>\n\t\t\t\t<\/div>\n\t\t\t\t<div class=\"elementor-element elementor-element-77cac53 elementor-widget-divider--view-line elementor-widget elementor-widget-divider\" data-id=\"77cac53\" data-element_type=\"widget\" data-widget_type=\"divider.default\">\n\t\t\t\t<div class=\"elementor-widget-container\">\n\t\t\t\t\t<div class=\"elementor-divider\">\n\t\t\t<span class=\"elementor-divider-separator\">\n\t\t\t\t\t\t<\/span>\n\t\t<\/div>\n\t\t\t\t<\/div>\n\t\t\t\t<\/div>\n\t\t\t\t<\/div>\n\t\t<div class=\"elementor-element elementor-element-921d5f1 e-con-full e-flex e-con e-child\" data-id=\"921d5f1\" data-element_type=\"container\" data-settings=\"{&quot;background_background&quot;:&quot;classic&quot;}\">\n\t\t\t\t<div class=\"elementor-element elementor-element-5cea3b7 elementor-widget__width-initial elementor-widget elementor-widget-heading\" data-id=\"5cea3b7\" data-element_type=\"widget\" data-widget_type=\"heading.default\">\n\t\t\t\t<div class=\"elementor-widget-container\">\n\t\t\t<h4 class=\"elementor-heading-title elementor-size-default\">\nLa formaci\u00f3n contin\u00faa de nuestro personal<\/h4>\t\t<\/div>\n\t\t\t\t<\/div>\n\t\t\t\t<div class=\"elementor-element elementor-element-d568e43 elementor-widget-divider--view-line elementor-widget elementor-widget-divider\" data-id=\"d568e43\" data-element_type=\"widget\" data-widget_type=\"divider.default\">\n\t\t\t\t<div class=\"elementor-widget-container\">\n\t\t\t\t\t<div class=\"elementor-divider\">\n\t\t\t<span class=\"elementor-divider-separator\">\n\t\t\t\t\t\t<\/span>\n\t\t<\/div>\n\t\t\t\t<\/div>\n\t\t\t\t<\/div>\n\t\t\t\t<\/div>\n\t\t<div class=\"elementor-element elementor-element-6b0d1fc e-con-full e-flex e-con e-child\" data-id=\"6b0d1fc\" data-element_type=\"container\" data-settings=\"{&quot;background_background&quot;:&quot;classic&quot;}\">\n\t\t\t\t<div class=\"elementor-element elementor-element-ce1452e elementor-widget elementor-widget-heading\" data-id=\"ce1452e\" data-element_type=\"widget\" data-widget_type=\"heading.default\">\n\t\t\t\t<div class=\"elementor-widget-container\">\n\t\t\t<h4 class=\"elementor-heading-title elementor-size-default\">Los mejores espacios en Valencia<\/h4>\t\t<\/div>\n\t\t\t\t<\/div>\n\t\t\t\t<div class=\"elementor-element elementor-element-3fe4c13 elementor-widget-divider--view-line elementor-widget elementor-widget-divider\" data-id=\"3fe4c13\" data-element_type=\"widget\" data-widget_type=\"divider.default\">\n\t\t\t\t<div class=\"elementor-widget-container\">\n\t\t\t\t\t<div class=\"elementor-divider\">\n\t\t\t<span class=\"elementor-divider-separator\">\n\t\t\t\t\t\t<\/span>\n\t\t<\/div>\n\t\t\t\t<\/div>\n\t\t\t\t<\/div>\n\t\t\t\t<\/div>\n\t\t\t\t<\/div>\n\t\t\t\t\t<\/div>\n\t\t\t\t<\/div>\n\t\t\t\t<div class=\"elementor-element elementor-element-79c32e0 elementor-widget elementor-widget-image\" data-id=\"79c32e0\" data-element_type=\"widget\" data-widget_type=\"image.default\">\n\t\t\t\t<div class=\"elementor-widget-container\">\n\t\t\t<style>\/*! elementor - v3.21.0 - 18-04-2024 *\/\n.elementor-widget-image{text-align:center}.elementor-widget-image a{display:inline-block}.elementor-widget-image a img[src$=\".svg\"]{width:48px}.elementor-widget-image img{vertical-align:middle;display:inline-block}<\/style>\t\t\t\t\t\t\t\t\t\t<img loading=\"lazy\" decoding=\"async\" width=\"1625\" height=\"150\" src=\"https:\/\/valenciacateringyespacios.es\/wp-content\/uploads\/2024\/04\/CONBANDERA_KITDIGITAL.svg\" class=\"attachment-full size-full wp-image-264\" alt=\"\" \/>\t\t\t\t\t\t\t\t\t\t\t\t\t<\/div>\n\t\t\t\t<\/div>\n\t\t\t\t\t<\/div>\n\t\t\t\t<\/div>\n\t\t\t\t<\/div>\n\t\t","protected":false},"excerpt":{"rendered":"<p>Valencia Catering y espacios Gestionamos eventos Somos tu partner para la gesti\u00f3n de eventos profesionales y de empresa Nuestro equipo multiling\u00fce se encarga de ofrecer soluciones adhoc para las necesidades de los clientes. Nuestra gesti\u00f3n de eventos abarca a m\u00e1s de 800 clientes organizadores de eventos satisfechos al a\u00f1o que nos avalan. ESPACIOS EXCLUSIVOS Vallesa [&hellip;]<\/p>\n","protected":false},"author":1,"featured_media":0,"parent":0,"menu_order":0,"comment_status":"closed","ping_status":"closed","template":"elementor_header_footer","meta":{"footnotes":""},"class_list":["post-117","page","type-page","status-publish","hentry"],"yoast_head":"<!-- This site is optimized with the Yoast SEO plugin v22.5 - https:\/\/yoast.com\/wordpress\/plugins\/seo\/ -->\n<title>Inicio - Valencia Catering y Espacios<\/title>\n<meta name=\"description\" content=\"Somos tu partner para la gesti\u00f3n de servicios de catering y eventos profesionales y de empresa\" \/>\n<meta name=\"robots\" content=\"index, follow, max-snippet:-1, max-image-preview:large, max-video-preview:-1\" \/>\n<link rel=\"canonical\" href=\"https:\/\/valenciacateringyespacios.es\/\" \/>\n<meta property=\"og:locale\" content=\"es_ES\" \/>\n<meta property=\"og:type\" content=\"article\" \/>\n<meta property=\"og:title\" content=\"Inicio - Valencia Catering y Espacios\" \/>\n<meta property=\"og:description\" content=\"Somos tu partner para la gesti\u00f3n de servicios de catering y eventos profesionales y de empresa\" \/>\n<meta property=\"og:url\" content=\"https:\/\/valenciacateringyespacios.es\/\" \/>\n<meta property=\"og:site_name\" content=\"Valencia Catering y Espacios\" \/>\n<meta property=\"article:modified_time\" content=\"2024-09-05T13:51:24+00:00\" \/>\n<meta property=\"og:image\" content=\"http:\/\/valenciacateringyespacios.es\/wp-content\/uploads\/2024\/04\/gourmet-catering-eventos-contrapunto-vallesa-mandor-01.webp\" \/>\n<meta name=\"twitter:card\" content=\"summary_large_image\" \/>\n<meta name=\"twitter:label1\" content=\"Tiempo de lectura\" \/>\n\t<meta name=\"twitter:data1\" content=\"2 minutos\" \/>\n<script type=\"application\/ld+json\" class=\"yoast-schema-graph\">{\"@context\":\"https:\/\/schema.org\",\"@graph\":[{\"@type\":\"WebPage\",\"@id\":\"https:\/\/valenciacateringyespacios.es\/\",\"url\":\"https:\/\/valenciacateringyespacios.es\/\",\"name\":\"Inicio - Valencia Catering y Espacios\",\"isPartOf\":{\"@id\":\"https:\/\/valenciacateringyespacios.es\/#website\"},\"primaryImageOfPage\":{\"@id\":\"https:\/\/valenciacateringyespacios.es\/#primaryimage\"},\"image\":{\"@id\":\"https:\/\/valenciacateringyespacios.es\/#primaryimage\"},\"thumbnailUrl\":\"http:\/\/valenciacateringyespacios.es\/wp-content\/uploads\/2024\/04\/gourmet-catering-eventos-contrapunto-vallesa-mandor-01.webp\",\"datePublished\":\"2024-04-22T10:40:07+00:00\",\"dateModified\":\"2024-09-05T13:51:24+00:00\",\"description\":\"Somos tu partner para la gesti\u00f3n de servicios de catering y eventos profesionales y de empresa\",\"breadcrumb\":{\"@id\":\"https:\/\/valenciacateringyespacios.es\/#breadcrumb\"},\"inLanguage\":\"es\",\"potentialAction\":[{\"@type\":\"ReadAction\",\"target\":[\"https:\/\/valenciacateringyespacios.es\/\"]}]},{\"@type\":\"ImageObject\",\"inLanguage\":\"es\",\"@id\":\"https:\/\/valenciacateringyespacios.es\/#primaryimage\",\"url\":\"http:\/\/valenciacateringyespacios.es\/wp-content\/uploads\/2024\/04\/gourmet-catering-eventos-contrapunto-vallesa-mandor-01.webp\",\"contentUrl\":\"http:\/\/valenciacateringyespacios.es\/wp-content\/uploads\/2024\/04\/gourmet-catering-eventos-contrapunto-vallesa-mandor-01.webp\"},{\"@type\":\"BreadcrumbList\",\"@id\":\"https:\/\/valenciacateringyespacios.es\/#breadcrumb\",\"itemListElement\":[{\"@type\":\"ListItem\",\"position\":1,\"name\":\"Inicio\",\"item\":\"https:\/\/valenciacateringyespacios.es\/\"},{\"@type\":\"ListItem\",\"position\":2,\"name\":\"Inicio\"}]},{\"@type\":\"WebSite\",\"@id\":\"https:\/\/valenciacateringyespacios.es\/#website\",\"url\":\"https:\/\/valenciacateringyespacios.es\/\",\"name\":\"Valencia Catering y Espacios\",\"description\":\"\",\"publisher\":{\"@id\":\"https:\/\/valenciacateringyespacios.es\/#organization\"},\"potentialAction\":[{\"@type\":\"SearchAction\",\"target\":{\"@type\":\"EntryPoint\",\"urlTemplate\":\"https:\/\/valenciacateringyespacios.es\/?s={search_term_string}\"},\"query-input\":\"required name=search_term_string\"}],\"inLanguage\":\"es\"},{\"@type\":\"Organization\",\"@id\":\"https:\/\/valenciacateringyespacios.es\/#organization\",\"name\":\"Valencia Catering y Espacios\",\"url\":\"https:\/\/valenciacateringyespacios.es\/\",\"logo\":{\"@type\":\"ImageObject\",\"inLanguage\":\"es\",\"@id\":\"https:\/\/valenciacateringyespacios.es\/#\/schema\/logo\/image\/\",\"url\":\"https:\/\/valenciacateringyespacios.es\/wp-content\/uploads\/2024\/04\/LOGOOO.jpg\",\"contentUrl\":\"https:\/\/valenciacateringyespacios.es\/wp-content\/uploads\/2024\/04\/LOGOOO.jpg\",\"width\":2048,\"height\":1490,\"caption\":\"Valencia Catering y Espacios\"},\"image\":{\"@id\":\"https:\/\/valenciacateringyespacios.es\/#\/schema\/logo\/image\/\"}}]}<\/script>\n<!-- \/ Yoast SEO plugin. -->","yoast_head_json":{"title":"Inicio - Valencia Catering y Espacios","description":"Somos tu partner para la gesti\u00f3n de servicios de catering y eventos profesionales y de empresa","robots":{"index":"index","follow":"follow","max-snippet":"max-snippet:-1","max-image-preview":"max-image-preview:large","max-video-preview":"max-video-preview:-1"},"canonical":"https:\/\/valenciacateringyespacios.es\/","og_locale":"es_ES","og_type":"article","og_title":"Inicio - Valencia Catering y Espacios","og_description":"Somos tu partner para la gesti\u00f3n de servicios de catering y eventos profesionales y de empresa","og_url":"https:\/\/valenciacateringyespacios.es\/","og_site_name":"Valencia Catering y Espacios","article_modified_time":"2024-09-05T13:51:24+00:00","og_image":[{"url":"http:\/\/valenciacateringyespacios.es\/wp-content\/uploads\/2024\/04\/gourmet-catering-eventos-contrapunto-vallesa-mandor-01.webp"}],"twitter_card":"summary_large_image","twitter_misc":{"Tiempo de lectura":"2 minutos"},"schema":{"@context":"https:\/\/schema.org","@graph":[{"@type":"WebPage","@id":"https:\/\/valenciacateringyespacios.es\/","url":"https:\/\/valenciacateringyespacios.es\/","name":"Inicio - Valencia Catering y Espacios","isPartOf":{"@id":"https:\/\/valenciacateringyespacios.es\/#website"},"primaryImageOfPage":{"@id":"https:\/\/valenciacateringyespacios.es\/#primaryimage"},"image":{"@id":"https:\/\/valenciacateringyespacios.es\/#primaryimage"},"thumbnailUrl":"http:\/\/valenciacateringyespacios.es\/wp-content\/uploads\/2024\/04\/gourmet-catering-eventos-contrapunto-vallesa-mandor-01.webp","datePublished":"2024-04-22T10:40:07+00:00","dateModified":"2024-09-05T13:51:24+00:00","description":"Somos tu partner para la gesti\u00f3n de servicios de catering y eventos profesionales y de empresa","breadcrumb":{"@id":"https:\/\/valenciacateringyespacios.es\/#breadcrumb"},"inLanguage":"es","potentialAction":[{"@type":"ReadAction","target":["https:\/\/valenciacateringyespacios.es\/"]}]},{"@type":"ImageObject","inLanguage":"es","@id":"https:\/\/valenciacateringyespacios.es\/#primaryimage","url":"http:\/\/valenciacateringyespacios.es\/wp-content\/uploads\/2024\/04\/gourmet-catering-eventos-contrapunto-vallesa-mandor-01.webp","contentUrl":"http:\/\/valenciacateringyespacios.es\/wp-content\/uploads\/2024\/04\/gourmet-catering-eventos-contrapunto-vallesa-mandor-01.webp"},{"@type":"BreadcrumbList","@id":"https:\/\/valenciacateringyespacios.es\/#breadcrumb","itemListElement":[{"@type":"ListItem","position":1,"name":"Inicio","item":"https:\/\/valenciacateringyespacios.es\/"},{"@type":"ListItem","position":2,"name":"Inicio"}]},{"@type":"WebSite","@id":"https:\/\/valenciacateringyespacios.es\/#website","url":"https:\/\/valenciacateringyespacios.es\/","name":"Valencia Catering y Espacios","description":"","publisher":{"@id":"https:\/\/valenciacateringyespacios.es\/#organization"},"potentialAction":[{"@type":"SearchAction","target":{"@type":"EntryPoint","urlTemplate":"https:\/\/valenciacateringyespacios.es\/?s={search_term_string}"},"query-input":"required name=search_term_string"}],"inLanguage":"es"},{"@type":"Organization","@id":"https:\/\/valenciacateringyespacios.es\/#organization","name":"Valencia Catering y Espacios","url":"https:\/\/valenciacateringyespacios.es\/","logo":{"@type":"ImageObject","inLanguage":"es","@id":"https:\/\/valenciacateringyespacios.es\/#\/schema\/logo\/image\/","url":"https:\/\/valenciacateringyespacios.es\/wp-content\/uploads\/2024\/04\/LOGOOO.jpg","contentUrl":"https:\/\/valenciacateringyespacios.es\/wp-content\/uploads\/2024\/04\/LOGOOO.jpg","width":2048,"height":1490,"caption":"Valencia Catering y Espacios"},"image":{"@id":"https:\/\/valenciacateringyespacios.es\/#\/schema\/logo\/image\/"}}]}},"_links":{"self":[{"href":"https:\/\/valenciacateringyespacios.es\/index.php\/wp-json\/wp\/v2\/pages\/117","targetHints":{"allow":["GET"]}}],"collection":[{"href":"https:\/\/valenciacateringyespacios.es\/index.php\/wp-json\/wp\/v2\/pages"}],"about":[{"href":"https:\/\/valenciacateringyespacios.es\/index.php\/wp-json\/wp\/v2\/types\/page"}],"author":[{"embeddable":true,"href":"https:\/\/valenciacateringyespacios.es\/index.php\/wp-json\/wp\/v2\/users\/1"}],"replies":[{"embeddable":true,"href":"https:\/\/valenciacateringyespacios.es\/index.php\/wp-json\/wp\/v2\/comments?post=117"}],"version-history":[{"count":65,"href":"https:\/\/valenciacateringyespacios.es\/index.php\/wp-json\/wp\/v2\/pages\/117\/revisions"}],"predecessor-version":[{"id":336,"href":"https:\/\/valenciacateringyespacios.es\/index.php\/wp-json\/wp\/v2\/pages\/117\/revisions\/336"}],"wp:attachment":[{"href":"https:\/\/valenciacateringyespacios.es\/index.php\/wp-json\/wp\/v2\/media?parent=117"}],"curies":[{"name":"wp","href":"https:\/\/api.w.org\/{rel}","templated":true}]}}